{"id":36,"date":"2018-07-24T17:14:08","date_gmt":"2018-07-24T17:14:08","guid":{"rendered":"https:\/\/musikphilosophie.ch\/?page_id=36"},"modified":"2018-07-25T12:53:51","modified_gmt":"2018-07-25T12:53:51","slug":"ueber-diese-seite","status":"publish","type":"page","link":"https:\/\/musikphilosophie.ch\/?page_id=36","title":{"rendered":"\u00dcber uns"},"content":{"rendered":"<p>Musikphilosophie.ch ist ein Projekt von <strong>Wolfgang B\u00f6hler<\/strong><\/p>\n<p>Andere Projekte von Wolfgang B\u00f6hler sind:<br \/>\nOnlinemagazin <a href=\"http:\/\/codexflores.ch\" target=\"_blank\" rel=\"noopener\">Codex flores<\/a><br \/>\nKammerjazz\/Worldmusic-Quartett <a href=\"http:\/\/manacanto.ch\" target=\"_blank\" rel=\"noopener\">Manacanto<\/a><strong><br \/>\n<\/strong><\/p>\n<p>Publikationen\/Referate von Wolfgang B\u00f6hler der letzten Jahre, die bei der Entwicklung des Modells eine Rolle gespielt haben:<\/p>\n<p><strong>Rede<\/strong> im Rahmen der vom Bundesamt f\u00fcr Kultur organisierten ersten nationalen Kulturkonferenz: <a href=\"https:\/\/musikphilosophie.ch\/wp-content\/uploads\/2018\/07\/2010_Nationale_Kulturkonferenz.pdf\">2010_Nationale_Kulturkonferenz<\/a><\/p>\n<p><strong>Rede<\/strong> an der Konferenz <a href=\"http:\/\/www.mozart-science.at\" target=\"_blank\" rel=\"noopener\">Mozart&amp;Science<\/a> 2012 in Krems (A)<a href=\"https:\/\/musikphilosophie.ch\/wp-content\/uploads\/2018\/07\/2012_MozartScience_harmonia_mundi_reloaded.pdf\"> 2012_Mozart&amp;Science_harmonia_mundi_reloaded<\/a><\/p>\n<p><strong>Pr\u00e4sentation<\/strong> an der j\u00e4hrlichen Musiktherapie-Tagung der Rehaklinik Bellikon 2015: <a href=\"https:\/\/musikphilosophie.ch\/wp-content\/uploads\/2018\/07\/2015_Bellikon_Tagung_Referat_Boehler.pdf\">2015_Bellikon_Tagung_Referat_Boehler<\/a><\/p>\n<p>Pr\u00e4sentation des Modells im Rahmen eines Workshops der Universidade Federal do Amazonas (UFAM) 2018 (portugiesisch):<br \/>\n<a href=\"https:\/\/musikphilosophie.ch\/wp-content\/uploads\/2018\/07\/2018_Elementos-de-um-Modelo.pdf\">2018_Elementos de um Modelo<\/a><\/p>\n<p>Zudem die Texte der Dossiers <a href=\"http:\/\/www.codexflores.ch\/index.php\/dossiertexte\/23-musikpsychologie-und-neuromusikologie\" target=\"_blank\" rel=\"noopener\">Musikpsychologie und Neuromusikologie<\/a> sowie <a href=\"http:\/\/www.codexflores.ch\/index.php\/dossiertexte\/13-musikphilosophie\" target=\"_blank\" rel=\"noopener\">Musikphilosophie<\/a> im Onlinemagazin Codex flores.<\/p>\n<p><strong>Biografische Angaben:<br \/>\n<\/strong>Gastlektor f\u00fcr Musikphilosophie und Musikpsychologie im <a href=\"https:\/\/www.fh-krems.ac.at\/de\/studieren\/master\/musiktherapie\/uebersicht\/\" target=\"_blank\" rel=\"noopener\"><strong>Studiengang Musiktherapie der IMC Krems<\/strong> <\/a>(\u00d6sterreich)<br \/>\nGastlektor der <a href=\"https:\/\/ufam.edu.br\/unidades-academicas\/capital\/faculdade-de-artes\" target=\"_blank\" rel=\"noopener\"><strong>Universidade Federal do Amazonas (UFAM)<\/strong> <\/a>zu Themen der Musikphilosophie und Musikpsychologie<br \/>\nRedaktioneller Mitarbeiter der <strong><a href=\"http:\/\/musikzeitung.ch\">Schweizer Musikzeitung<\/a><\/strong><br \/>\nLeiter mehrerer Schweizer M\u00e4nnerch\u00f6re<br \/>\nFreier Publizist und Referent<\/p>\n<p>Studium der <b>Philosophie, Mathematik und Musikwissenschaften<\/b> an der Uni Bern (CH)<br \/>\nAbschluss <b>1992<\/b> Lizenziat philosophisch-naturwissenschaftlicher Art<br \/>\n(entspr. heute M.A oder M.S.), <b>Journalist<\/b> BR<br \/>\n<b>2003 <\/b>Gr\u00fcndung eines Onlinemagazins und einer Nachrichtenagentur (<a href=\"http:\/\/www.codexflores.ch\"><b>Codex <\/b><b>flores<\/b><\/a>) zu Themen der Systematischen Musikwissenschaften und des Musiklebens (Klassik, Jazz, World Music).<br \/>\n<b>Verfasser von B\u00fcchern<\/b> zur <i>Schweizer Kulturpolitik<\/i> (<a href=\"https:\/\/www.srf.ch\/sendungen\/kultur-stammtisch\/kulturkampf-im-bundeshaus\">Beitrag von SRF 4 News zum Buch<\/a>) und zur <a href=\"https:\/\/www.amazon.de\/gp\/search?index=books&amp;linkCode=qs&amp;keywords=9783905748147\"><i>Theorie des digitalen Journalismus<\/i><\/a><\/p>\n<p><strong>Kontakt:<\/strong><br \/>\nWolfgang B\u00f6hler<br \/>\nRiedmattstr. 4<br \/>\n4500 Solothurn<br \/>\nwolfgang@codexflores.ch<\/p>\n","protected":false},"excerpt":{"rendered":"<p>Musikphilosophie.ch ist ein Projekt von Wolfgang B\u00f6hler Andere Projekte von Wolfgang B\u00f6hler sind: Onlinemagazin Codex flores Kammerjazz\/Worldmusic-Quartett Manacanto Publikationen\/Referate von Wolfgang B\u00f6hler der letzten Jahre, die bei der Entwicklung des Modells eine Rolle gespielt haben: Rede im Rahmen der vom Bundesamt f\u00fcr Kultur organisierten ersten nationalen Kulturkonferenz: 2010_Nationale_Kulturkonferenz Rede an der Konferenz Mozart&amp;Science 2012 in Krems (A) 2012_Mozart&amp;Science_harmonia_mundi_reloaded Pr\u00e4sentation an der j\u00e4hrlichen Musiktherapie-Tagung der Rehaklinik Bellikon 2015: 2015_Bellikon_Tagung_Referat_Boehler Pr\u00e4sentation des Modells im Rahmen eines Workshops der Universidade Federal do Amazonas (UFAM) 2018 (portugiesisch): 2018_Elementos de um Modelo Zudem die Texte der Dossiers Musikpsychologie und Neuromusikologie sowie Musikphilosophie im Onlinemagazin Codex flores. Biografische Angaben: Gastlektor f\u00fcr Musikphilosophie und Musikpsychologie im Studiengang Musiktherapie der IMC Krems (\u00d6sterreich) Gastlektor der Universidade Federal do<\/p>\n","protected":false},"author":1,"featured_media":0,"parent":0,"menu_order":0,"comment_status":"closed","ping_status":"closed","template":"","meta":{"footnotes":""},"class_list":["post-36","page","type-page","status-publish","hentry"],"_links":{"self":[{"href":"https:\/\/musikphilosophie.ch\/index.php?rest_route=\/wp\/v2\/pages\/36","targetHints":{"allow":["GET"]}}],"collection":[{"href":"https:\/\/musikphilosophie.ch\/index.php?rest_route=\/wp\/v2\/pages"}],"about":[{"href":"https:\/\/musikphilosophie.ch\/index.php?rest_route=\/wp\/v2\/types\/page"}],"author":[{"embeddable":true,"href":"https:\/\/musikphilosophie.ch\/index.php?rest_route=\/wp\/v2\/users\/1"}],"replies":[{"embeddable":true,"href":"https:\/\/musikphilosophie.ch\/index.php?rest_route=%2Fwp%2Fv2%2Fcomments&post=36"}],"version-history":[{"count":11,"href":"https:\/\/musikphilosophie.ch\/index.php?rest_route=\/wp\/v2\/pages\/36\/revisions"}],"predecessor-version":[{"id":169,"href":"https:\/\/musikphilosophie.ch\/index.php?rest_route=\/wp\/v2\/pages\/36\/revisions\/169"}],"wp:attachment":[{"href":"https:\/\/musikphilosophie.ch\/index.php?rest_route=%2Fwp%2Fv2%2Fmedia&parent=36"}],"curies":[{"name":"wp","href":"https:\/\/api.w.org\/{rel}","templated":true}]}}